{"version":"1.0","provider_name":"","provider_url":"https:\/\/talentum.cafeblog.hu","author_name":"Talentumok Vil\u00e1ga","author_url":"https:\/\/talentum.cafeblog.hu\/author\/talentumok_vilaga\/","title":"T\u00f6r\u0151d\u00e9s \u00e9s gondoskod\u00e1s...","html":"<p>T\u00f6r\u0151dni, gondoskodni is sokf\u00e9le m\u00f3don lehet. Az al\u00e1bbi p\u00e1rbesz\u00e9d a kisfi\u00fa \u00e9desapja \u00e9s a gyermeket meg\u00e9rt\u0151, felkarol\u00f3, hasonl\u00f3an k\u00fcl\u00f6nleges tan\u00e1r k\u00f6z\u00f6tt zajlott le:<\/p>\r\n<p>- \u2026 a feles\u00e9gem sz\u00e9tn\u00e9zett az interneten. Mindent elolvasott a diszlexi\u00e1r\u00f3l. Azt akartam, hogy maga is tudja.<br \/> - Mi\u00e9rt mondja ezt el nekem?<br \/> - Csak, hogy ne gondolja, hogy nem t\u00f6r\u0151d\u00fcnk a gyerekeinkkel.<span class=\"text_exposed_show\"><br \/> - Odafigyel\u00e9s, az bizony nagyon fontos. Gy\u00f3gy\u00edt\u00f3 ereje van. Csillap\u00edtja a f\u00e1jdalmat. A gyerek \u00fagy \u00e9rzi, sz\u00fcks\u00e9g van r\u00e1. Egy \u00f6lel\u00e9s, puszi, csak hogy \u00e9rezze, t\u00f6r\u0151d\u00fcnk vele. \u201eSzeretlek fiam!\u201d. \u201eHa baj van, fordulj hozz\u00e1m.\u201d \u201eNem baj, ha megcs\u00faszt\u00e1l, elbukt\u00e1l. Ne agg\u00f3dj, mert itt vagyok neked.\u201d A biztons\u00e1g \u00e9rz\u00e9se. Odafigyel\u00e9s. Err\u0151l sz\u00f3l az odafigyel\u00e9s, nem? J\u00f3 hallani, hogy \u00fagy gondolja, t\u00f6r\u0151dik a fi\u00e1val. <br \/> - Azt hiszem, ideje indulnom. <br \/> - A feles\u00e9ge nem olvasott v\u00e9letlen A Salamon- szigetekr\u0151l az interneten? <br \/> - Nem tudom, lehet. <br \/> - A Salamon- szigeteken, amikor a helyiek \u00fajabb ter\u00fcleteket akarnak megm\u0171velni nem v\u00e1gj\u00e1k ki a f\u00e1kat. Egyszer\u0171en k\u00f6r\u00fcl\u00e1llj\u00e1k a f\u00e1t, szitkokat kiab\u00e1lnak r\u00e1 \u00e9s meg\u00e1tkozz\u00e1k. N\u00e9h\u00e1ny napon bel\u00fcl a fa sorvad\u00e1snak indul. Mag\u00e1t\u00f3l meghal. <\/span><\/p>\r\n<div>\r\n<p>\/R\u00e9szlet a Taare Zameen Par filmb\u0151l\/<\/p>\r\n<\/div>","type":"rich","thumbnail_url":"https:\/\/talentum.cafeblog.hu\/files\/2015\/04\/t\u00f6r\u0151d\u00e9a-150x150.jpg","thumbnail_width":150,"thumbnail_height":150}