{"version":"1.0","provider_name":"","provider_url":"https:\/\/talentum.cafeblog.hu","author_name":"Talentumok Vil\u00e1ga","author_url":"https:\/\/talentum.cafeblog.hu\/author\/talentumok_vilaga\/","title":"\u00daj \u00e9v, \u00faj c\u00e9lok!","html":"<p>Mi kell ahhoz, hogy megval\u00f3suljanak a c\u00e9ljaim?<br \/> <br \/> Most \u00edgy az \u00faj \u00e9v kezdet\u00e9n sokakban felmer\u00fcl, hogy \u00faj c\u00e9lokat kell, hogy kit\u0171zzenek maguk el\u00e9. C\u00e9lokat, melyek \u00e1tseg\u00edtik a neh\u00e9z id\u0151szakon, melyben meg lehet kapaszkodni, ami olyan ak\u00e1r a f\u00e9ny az alag\u00fat v\u00e9g\u00e9n!<br \/> <br \/> Azonban mit\u0151l fog megval\u00f3sulni a c\u00e9lom? El\u00e9g az, ha valamire nagyon v\u00e1gyom, ha az \u00e1lmaimat t\u0171z\u00f6m ki c\u00e9lomnak?<br \/> <br \/> Egy j\u00f3 \u00e9s helyt\u00e1ll\u00f3 c\u00e9lkit\u0171z\u00e9snek komoly ment\u00e1lis h\u00e1tt\u00e9rmunk\u00e1ja van, ez azt jelenti, hogy a fejemben minden apr\u00f3 l\u00e9p\u00e9sre gondolnom kell, figyelembe kell vennem mindent, ami a c\u00e9lomat seg\u00edtheti \u00e9s ami akad\u00e1lyozhatja. <br \/> <br \/> N\u00e9zz\u00fck, l\u00e9p\u00e9senk\u00e9nt hogyan \u00e9p\u00fcl fel egy j\u00f3 c\u00e9lkit\u0171z\u00e9s:<br \/> <br \/> 1., Konkr\u00e9tan kell meghat\u00e1roznom azt, amit el akarok \u00e9rni. (Nem \u00e1ltal\u00e1nos\u00edthatok!)<br \/> <br \/> 2., Csak rajtam m\u00falhat, ami azt jelenti, hogy bel\u0151lem kell, hogy kiinduljon. Nem lehet t\u0151lem f\u00fcggetlen c\u00e9lom. Teh\u00e1t bels\u0151 munk\u00e1ra van sz\u00fcks\u00e9g.<br \/> <br \/> 3., Ha a c\u00e9lom t\u00fal nagy, akkor sz\u00e9t kell bontani konkr\u00e9t l\u00e9p\u00e9sekre.<br \/> <br \/> 4., Meg kell vizsg\u00e1lnom, ha el\u00e9rtem a c\u00e9lomat, akkor mi az a magasabb c\u00e9l, amit el\u00e9rek ez\u00e1ltal. Magasabb c\u00e9l az, ami m\u00e1r nem csak engem, hanem valaki, vagy valami m\u00e1st is szolg\u00e1l.<br \/> <br \/> 5., Hogy fogok viselkedni, ha el\u00e9rem a c\u00e9lom, hogy fogok j\u00e1rni az utc\u00e1n? <br \/> <br \/> 6., \u00c9letem egy\u00e9b ter\u00fcleteire milyen hat\u00e1ssal lesz a c\u00e9lom el\u00e9r\u00e9se? <br \/> <br \/> 7., C\u00e9lom el\u00e9r\u00e9se miben \u00e9s hogyan v\u00e1ltoztatja meg a viselked\u00e9semet? Teh\u00e1t sz\u00fcks\u00e9g van egy \u00faj viselked\u00e9sre.<br \/> <br \/> 8., Mi lesz ez az \u00faj viselked\u00e9s?<br \/> <br \/> 9., Mi akad\u00e1lyozott meg eddig abban, hogy el\u00e9rjem a c\u00e9lt?<br \/> <br \/> 10., Milyen k\u00e1rt okozhat, ha el\u00e9rem a c\u00e9lom?<br \/> <br \/> 11., Mi veszik ez az \u00faj viselked\u00e9sem miatt?<br \/> <br \/> 12., Ha valaki m\u00e1s v\u00e1ltozna meg \u00edgy, nekem az hogy okozna gondot?<br \/> <br \/> 13., Az egyik legfontosabb k\u00e9rd\u00e9s! Honnan tudom majd, hogy el\u00e9rtem a c\u00e9lom? Sokan \u00e9szre se veszik nem tudatos\u00edtj\u00e1k magukban azt, amikor el\u00e9rt\u00e9k a c\u00e9ljukat!<br \/> <br \/> A c\u00e9ljaink el\u00e9r\u00e9s\u00e9hez mindig sz\u00fcks\u00e9g\u00fcnk van egy \u00faj viselked\u00e9si mint\u00e1ra amivel el tudjuk \u00e9rni a kit\u0171z\u00f6tt c\u00e9lt! \u00c9s mi\u00e9rt kell az \u00faj viselked\u00e9s? Gondolj csak bele, ha m\u00e1r meglenne ez az \u00faj viselked\u00e9s, akkor m\u00e1r el\u00e9rted volna a c\u00e9lodat! Az \u00faj viselked\u00e9s az\u00e9rt kell, mert az lesz az eszk\u00f6z\u00f6d a c\u00e9l megval\u00f3sul\u00e1s\u00e1hoz. A viselked\u00e9shez hozz\u00e1tartozik a cselekv\u00e9s is, \u00faj cselekv\u00e9si sorra is sz\u00fcks\u00e9ged lesz.<br \/> <br \/> Egy j\u00f3l fel\u00e9p\u00edtett c\u00e9lkit\u0171z\u00e9s, az \u00e9letedet is megv\u00e1ltoztathatja! K\u00e9szen \u00e1llsz a v\u00e1ltoz\u00e1sra? Szeretn\u00e9l valami m\u00e1st \u00e9lni, mit eddig? <br \/> <br \/> Itt az \u00faj \u00e9v, tal\u00e1lj r\u00e1 te is az \u00faj c\u00e9ljaidra \u00e9s \u00e9lj annak ment\u00e9n, hogy megval\u00f3sulhassanak! <br \/> <br \/> <a href=\"http:\/\/www.talentumok.com\/\">www.talentumok.com<\/a><\/p>","type":"rich","thumbnail_url":"https:\/\/talentum.cafeblog.hu\/files\/2014\/12\/\u00daj-\u00e9v-\u00faj-c\u00e9lok-150x150.jpg","thumbnail_width":150,"thumbnail_height":150}