{"version":"1.0","provider_name":"","provider_url":"https:\/\/talentum.cafeblog.hu","author_name":"Talentumok Vil\u00e1ga","author_url":"https:\/\/talentum.cafeblog.hu\/author\/talentumok_vilaga\/","title":"Szeretet","html":"<p>Amikor figyelek r\u00e1d, akkor kifel\u00e9 figyelek.<\/p>\r\n<p>Figyelek mindent \u00e9s a mindenben t\u00e9ged.<\/p>\r\n<p>L\u00e1tom, \u00e9rzem \u00e9s \u00e9lem a m\u00e1sodperceket, l\u00e1tok mindent \u00e9s a mindenben, azon bel\u00fcl l\u00e1tlak, \u00e9rezlek, \u00e9rz\u00e9kellek t\u00e9ged.<\/p>\r\n<p>Amikor figyelek r\u00e1d, akkor tiszt\u00e1n eml\u00e9kszem arra, amit mondt\u00e1l, fel tudom id\u00e9zni mindazt, amit hallottam. Eml\u00e9kszem az \u00e9rint\u00e9sedre, \u00f6lel\u00e9sedre, az \u00e9rz\u00e9sekre \u00e9s \u00e9rzetekre, amiket kiv\u00e1ltott\u00e1l magaddal-bel\u0151lem.<\/p>\r\n<p>Amikor figyelek r\u00e1d, akkor fontos vagy sz\u00e1momra, a pillanatokb\u00f3l kiemellek t\u00e9ged \u00e9s \u00edgy figyelek. Nem figyelem a r\u00e9szleteket, mert t\u00e9ged figyellek. De eml\u00e9kszem mindenre, mondat \u00e9s \u00e9rz\u00e9s t\u00f6red\u00e9kekre. Vissza tudom id\u00e9zni ezeket. Vissza tudom id\u00e9zni azt, ami t\u00f6rt\u00e9nt, s tudom, hogy te hol volt\u00e1l a t\u00f6rt\u00e9netben. Tudom, hogy mi az, ami fontos neked, tudom, hogy mi az, amit igaz\u00e1n szeretsz. Mert elmondtad, meghallottam, megtanultam, hiszen figyeltem.<\/p>\r\n<p><a href=\"https:\/\/talentum.cafeblog.hu\/files\/2014\/11\/ketten.jpg\"><img class=\"size-medium wp-image-185 aligncenter\" src=\"https:\/\/talentum.cafeblog.hu\/files\/2014\/11\/ketten-300x190.jpg\" alt=\"ketten\" width=\"300\" height=\"190\" \/><\/a><\/p>\r\n<p>S hogy k\u00f6zben hol voltam \u00e9n? Valahol magamban \u00e9s bel\u00fclr\u0151l-kifel\u00e9 figyeltelek t\u00e9ged. Kerestelek, de nem tal\u00e1ltalak, kerestelek, hogy v\u00e9gre kapcsol\u00f3djak\u2026 hozz\u00e1d, veled. Kerestelek egyfolyt\u00e1ban \u00e9s egyetlen pillanatra sem tal\u00e1ltalak meg igaz\u00e1n T\u00c9GED. Pedig v\u00e9gig, minden m\u00e1sodpercben figyeltem r\u00e1d, ott voltam veled. Bel\u00fclr\u0151l-kifel\u00e9 figyeltelek t\u00e9ged.<\/p>\r\n<p>Azt\u00e1n valami t\u00f6rt\u00e9nt, ami megv\u00e1ltoztatott mindent\u2026<\/p>\r\n<p>Eluntam az \u00fcresen, egyed\u00fcl maradt m\u00e1sodperceket, \u00e9s feladtam azt, hogy figyeljelek t\u00e9ged.<\/p>\r\n<p>Visszat\u00e9rtem \u00d6nmagamhoz \u00e9s csak befel\u00e9 figyeltem. Figyeltem a legbels\u0151bb \u00e9rz\u00e9seimet, gondolataimat, v\u00e1gyaimat, mindazt, ami igaz\u00e1n fontos nekem. \u00cdgy \u00e9ltem a m\u00e1sodperceket \u00e9s egyszer csak \u00e1talakult minden.<\/p>\r\n<p>Most, hogy befel\u00e9 figyelek, nem tudom pontosan felid\u00e9zni mindazt, amit mondasz nekem, nem tudom elmes\u00e9lni a t\u00f6rt\u00e9neteket, de eml\u00e9kszem a hangodra, hogy az mit v\u00e1ltott ki bel\u0151lem, hol sz\u00f3l\u00edtott meg igaz\u00e1n engem. Eml\u00e9kszem a pillanat sz\u00e9ps\u00e9g\u00e9re, a harm\u00f3ni\u00e1ra, amit a hangod v\u00e1ltott ki bel\u0151lem. Arra az \u00e9rz\u00e9sre, hogy itt vagy, megtal\u00e1ltalak t\u00e9ged.<\/p>\r\n<p>Most, hogy R\u00c1D figyelek, a pillanatokat az\u00e9rt keresem, hogy benn\u00fck \u00fajra \u00e9s \u00fajra megtal\u00e1lhassalak t\u00e9ged. \u00dajra \u00e9rezni akarom \u00e9s tudom mindazt, amit m\u00e1r meg\u00e9lt\u00fcnk egy\u00fctt v\u00e9gtelenszer az \u00e9letben. Tudom, hogy mi az, amit igaz\u00e1n szeretsz, mi az, ami fontos neked, hiszen bel\u00fclr\u0151l \u00e9rezlek, beleker\u00fclt\u00e9l minden sejtembe. Itt vagy velem, \u00e9s \u00e9n ezt \u00e9rzem. \u00c9rezlek t\u00e9ged!<\/p>\r\n<p>S hogy k\u00f6zben hol vagyok \u00e9n? Itt vagyok \u00d6nmagam legszebb sziget\u00e9n, \u00fcl\u00f6k \u00e9s semmi m\u00e1st nem teszek, mint R\u00c1D figyelek. Kereslek \u00e9s megtal\u00e1llak t\u00e9ged. Most itt bel\u00fcl minden m\u00e1sodpercben R\u00c1D figyelek, itt vagyok egy\u00fctt veled. Bel\u00fcl figyellek t\u00e9ged \u00e9s a vil\u00e1ghoz \u00e9ppen csak annyira kapcsol\u00f3dom, amennyire az adott pillanatban musz\u00e1j, \u00e9rdemes. A pillanatok hat\u00e1rozz\u00e1k meg ezt. Egy biztos, hogy b\u00e1rmi is t\u00f6rt\u00e9nik kint, \u00e9n bent vagyok, itt vagyok bel\u00fcl, magamban, veled.<\/p>\r\n<p>Amikor R\u00c1D figyelek, akkor meg\u00e9lhetem veled az Egys\u00e9get, visszaid\u00e9zhetek mindent, ami er\u0151t \u00e9s hitet ad nekem. L\u00e1tom, \u00e9rzem \u00e9s tudom a v\u00e1laszokat, elt\u0171nnek, elt\u00f6rp\u00fclnek a k\u00e9rd\u00e9sek. Amikor r\u00e1d figyelek akkor boldog vagyok, teljes vagyok, \u00f6r\u00fcl\u00f6k, hogy \u00e9lhetek.<\/p>\r\n<p style=\"text-align: left\">Eddig figyeltem r\u00e1d, s mostant\u00f3l csak R\u00c1D figyelek! Mert mik\u00f6zben ezt teszem, megjelenik egy m\u00e9lys\u00e9gesen-m\u00e9ly szeretet a sz\u00edvemben, a Lelkemben, \u00e9s ez felemel mindkett\u0151nket. <strong>B\u00e1rmi is t\u00f6rt\u00e9nt \u00e9s t\u00f6rt\u00e9nik az \u00e9letben csak azt tudom mondani, hogy\u00a0 a Szeretet mindig ott \u00e1ll mindenek felett, \u00e9s szeretni kell, szeretni \u00e9rdemes!<\/strong><\/p>\r\n<p style=\"text-align: center\"><a href=\"https:\/\/talentum.cafeblog.hu\/files\/2014\/12\/fall-buddha.jpg\"><img class=\"alignnone size-medium wp-image-319\" src=\"https:\/\/talentum.cafeblog.hu\/files\/2014\/12\/fall-buddha-300x187.jpg\" alt=\"fall-buddha\" width=\"300\" height=\"187\" \/><\/a><\/p>\r\n<p>Amikor R\u00c1 figyelsz, akkor k\u00f6zelebb ker\u00fclsz a szeretethez \u00e9s a v\u00e9gtelenhez. Amikor ezt \u00e9led akkor k\u00f6zelebb ker\u00fclsz a Mindens\u00e9ghez, a Lelkedhez. Amikor \u00edgy \u00e9lsz, akkor \u00e9led igaz\u00e1n az \u00e9letedet!<\/p>\r\n<p>Ilyenkor val\u00f3s\u00e1goss\u00e1 v\u00e1lik minden, mert ilyenkor t\u00e9nyleg figyelsz. Megszentelt pillanat ez, amikor a kett\u0151 eggy\u00e9 v\u00e1lik, amikor val\u00f3di egy\u00e9nis\u00e9gek tal\u00e1lkoznak \u00e9s ebben a val\u00f3di tal\u00e1lkoz\u00e1sban, ebben a legszentebb pillanatban, k\u00fcl\u00f6nlegess\u00e9g\u00e9 v\u00e1lnak. Igazs\u00e1gok, k\u00fcl\u00f6nb\u00f6z\u0151s\u00e9gek t\u0171nnek el a szeretet nev\u00e9ben. Elt\u0171nik minden, ami nem a szeretet \u00e9s ott marad a Szeretet a legcsupaszabb csomagol\u00e1sban. \u00dagy ahogy eddig m\u00e9g sosem l\u00e1thattad.<\/p>\r\n<p>Ott vagyunk ketten a t\u00e9rben, \u00d6nmagunk megszentelt ter\u00e9ben \u00e9s nem tesz\u00fcnk m\u00e1st, \u00e9n R\u00e1d figyelek, \u00e9s te R\u00e1m figyelsz.<\/p>\r\n<p>Nekem mostant\u00f3l ez az \u00e9let val\u00f3di \u00e9rtelme! \u00cdgy figyelni t\u00e9ged, \u00edgy kapcsol\u00f3dni, \u00edgy \u00e9lni meg a szeretetet! EGY\u00dcTT- VELED!<\/p>\r\n<p><strong><a href=\"http:\/\/talentumok.com\/bemutatkozunk\/varadi-andrea\/\" target=\"_blank\">V\u00e1radi Andrea<\/a><\/strong><\/p>\r\n<p><strong><a href=\"http:\/\/www.talentumok.com\" target=\"_blank\">\u00a0Talentumok.com<\/a><\/strong><\/p>","type":"rich","thumbnail_url":"https:\/\/talentum.cafeblog.hu\/files\/2014\/12\/fall-buddha-150x150.jpg","thumbnail_width":150,"thumbnail_height":150}