{"version":"1.0","provider_name":"","provider_url":"https:\/\/talentum.cafeblog.hu","author_name":"Talentumok Vil\u00e1ga","author_url":"https:\/\/talentum.cafeblog.hu\/author\/talentumok_vilaga\/","title":"Tal\u00e1lkoz\u00e1s ut\u00e1n...","html":"<p><span class=\"userContent\">Mindig elhittem els\u0151re, amit mondott, de azt\u00e1n voltak, akik meg visszak\u00e9rdeztek: \u201dT\u00e9nyleg elhiszed neki?\u201d Annyira f\u00e1jt az, hogy nem hagyt\u00e1k, hogy higgyek ap\u00e1mnak, ap\u00e1mban. Olyan inform\u00e1ci\u00f3kkal halmoztak el, amelyekre nem v<span class=\"text_exposed_show\">oltam k\u00e9sz! Nem! Nem tudtam vel\u00fck mit kezdeni\u2026 csak \u00f6sszezavartak\u2026 ez\u00e9rt azt a technik\u00e1t fejlesztettem ki, hogy nem figyeltem arra, amit \u0151 mond, hogy ne tudjanak a t\u00f6bbiek bel\u00e9m k\u00f6tni.<br \/> <br \/> Mi\u00e9rt nem hagyt\u00e1k, hogy gyerekk\u00e9nt higgyek benne? Olyan \u00e9rz\u00e9s, mint mikor egy kis gyereknek elmondj\u00e1k, hogy nem a J\u00e9zuska hozza az aj\u00e1nd\u00e9kot, aki addig rend\u00edthetetlen\u00fcl hitt benne, \u00e9s aki m\u00e9g nincs k\u00e9sz arra, hogy a feln\u0151ttek \u201eval\u00f3s\u00e1g\u00e1val\u201d szembes\u00fclj\u00f6n. Azzal az egy mondattal \u00f6sszez\u00faztak benne mindent, amiben addig \u0151 k\u00f6nnyen mozgott\u2026<br \/> <br \/> A k\u00e9p a darabjaira hullott. Gyerekk\u00e9nt, mikor ap\u00e1m h\u00e1ta m\u00f6g\u00f6tt, \u0151t c\u00e1folt\u00e1k, az \u00e9n k\u00e9pemet is \u00f6sszet\u00f6rt\u00e9k, \u00e9s \u00e9n ott \u00e1lltam a sok \u2013sok t\u00f6r\u00f6tt darab f\u00f6l\u00f6tt \u00e9s nem tudtam melyiket vegyem fel. Nem tudtam mit kezdjek vel\u00fck. Azt\u00e1n egy darabig siker\u00fclt \u00fajra \u00e9s \u00fajra \u00f6sszeillesztgetnem a darabokat, de olyan gyerekk\u00e9z m\u00f3dj\u00e1ra, itt \u2013ott nem teljesen illettek egym\u00e1shoz m\u00e1r a darabok. De az\u00e9rt \u00f6sszeraktam \u00fajra \u00e9s \u00fajra\u2026 azt\u00e1n egyszer csak meguntam. Belef\u00e1radtam a k\u00e9p fel\u00e9p\u00edt\u00e9s\u00e9be, \u00e9s ott hagytam a sz\u00e9thullott darabokat a f\u00f6ld\u00f6n.<br \/> <br \/> S h\u00e1tat ford\u00edtottam neki\u2026 de csak most j\u00f6ttem erre r\u00e1. \u00c9vek \u00f3ta nem fordultam fel\u00e9, nem nyitottam fel\u00e9, tal\u00e1lkozni tal\u00e1lkoztunk, de amint ott \u00e1lltam el\u0151tte vagy csak sz\u00f3ba hozta el\u0151ttem valaki, sz\u00edvemet h\u00e9t lakat al\u00e1 z\u00e1rtam\u2026 Gondoltam, \u00edgy \u0151 nem sz\u00e1m\u00edt, mit tesz, hisz \u00e9n bez\u00e1rtam el\u0151tte a sz\u00edvem, \u00edgy nekem m\u00e1r nem f\u00e1jhat, \u00edgy nem tud csal\u00f3d\u00e1st okozni\u2026<br \/> <br \/> A l\u00e9nyegtelen, semmi dolgok, a \u201eki \u2013 mit \u2013 mondott\u201d elvonta a figyelmemet a l\u00e9nyegr\u0151l!!! Arr\u00f3l, hogy \u0151 val\u00f3j\u00e1ban mindig ott volt nekem. \u0150 fel\u00e9m mindig is nyitott volt, \u00e9n voltam az, aki elfordult t\u0151le \u00e9s nem k\u00e9rtem abb\u00f3l, ami \u0151, ami \u0151 maga. Csak a m\u00e1sok \u00e1ltal mondott dolgokon, \u00e9s a s\u00e9relmeimen kereszt\u00fcl l\u00e1ttam \u0151t\u2026<br \/> <br \/> <em>Most viszont m\u00e9rhetetlen\u00fcl h\u00e1l\u00e1s vagyok, hogy lehet\u0151s\u00e9get kaptam a v\u00e1ltoztat\u00e1sra, \u00e9s magamnak is, hogy \u00e9lek is vele.<\/em><br \/> <br \/> Igazs\u00e1gtalan a sz\u00fcl\u0151kkel szemben, hogy nem l\u00e1tjuk meg benn\u00fck az emberit. Hiszen azt mondjuk is, hogy minden ember hib\u00e1zik, akkor mi\u00e9rt pont a sz\u00fcleimnek nem engedtem meg eddig?... Mi\u00e9rt gondoltam eddig, hogy \u0151k nem hib\u00e1zhatnak? hogy nekik makul\u00e1tlannak kell lenni\u00fck? Azt v\u00e1rtam t\u0151l\u00fck, hogy olyanok legyenek, amilyennek \u00e9n elk\u00e9pzeltem \u0151ket\u2026<br \/> <br \/> <em>\u0150 nem v\u00e1ltozott, \u00e9n viszont igen, az eddigiekhez k\u00e9pest 180 fokos fordulatot vett az, ahogy el kezdtem most l\u00e1tni \u0151t, mert m\u00e1r nem a s\u00e9rt\u0151d\u00f6tt gyermek szem\u00fcveg\u00e9n kereszt\u00fcl n\u00e9zem\u2026 \u00e9s ez megnyugtat\u00f3 \u00e9rz\u00e9s.<\/em><br \/> <br \/> Azzal is szemben\u00e9ztem most \u00fajra, hogy nem az a feladatom, hogy az \u0151 \u00e9let\u00fckb\u0151l hozzak ki valami m\u00e1st, hogy az \u00e9n megl\u00e1t\u00e1saim alapj\u00e1n belesz\u00f3ljak, mert szerintem t\u00f6bbre is k\u00e9pesek lenn\u00e9nek, m\u00e1shogy is csin\u00e1lhatn\u00e1k.<br \/> <br \/> Mert k\u00fcl\u00f6nben megint megfeledkezem arr\u00f3l, hogy <strong>van nekem is \u00c9letem<\/strong>!<br \/> <br \/> Kaufmann Alexandra<\/span><\/span><\/p>","type":"rich","thumbnail_url":"https:\/\/talentum.cafeblog.hu\/files\/2014\/12\/tal\u00e1lkoz\u00e1s-150x150.jpg","thumbnail_width":150,"thumbnail_height":150}