{"version":"1.0","provider_name":"","provider_url":"https:\/\/talentum.cafeblog.hu","author_name":"Talentumok Vil\u00e1ga","author_url":"https:\/\/talentum.cafeblog.hu\/author\/talentumok_vilaga\/","title":"Valami megv\u00e1ltozott","html":"<div><strong>A mindennapokban m\u00e1r egy\u00e9rtelm\u0171en \u00e9rz\u00e9kelhet\u0151, hogy valami megv\u00e1ltozott\u2026<\/strong><\/div>\r\n<div>\r\n<div>Megv\u00e1ltozott vil\u00e1gunk, m\u00e1s id\u0151k j\u00e1rnak. F\u00fcggetlen\u00fcl att\u00f3l megt\u00f6rt\u00e9nt ez, hogy az emberek t\u00f6bbs\u00e9ge nem \u00e1llt \u00e9s nem \u00e1ll k\u00e9szen erre. Ebb\u0151l is l\u00e1tszik, hogy a Mindens\u00e9gben Rend van \u00e9s amikor valaminek elj\u00f6n az ideje, az megt\u00f6rt\u00e9nik visszatarthatatlanul.<\/div>\r\n<div><\/div>\r\n<div>Vannak akik \u00f6r\u00fclnek ennek a v\u00e1ltoz\u00e1snak, akik tudatosan akart\u00e1k, v\u00e1rt\u00e1k ezt. \u00c9s vannak akik nem \u00e9rtik ami t\u00f6rt\u00e9nik, tan\u00e1cstalanul \u00e1llnak a saj\u00e1t \u00e9let\u00fck el\u0151tt is.<\/div>\r\n<div><\/div>\r\n<div>Vannak korszakok \u00e9s minden korszaknak elj\u00f6n egyszer a v\u00e9ge. Vannak kisebb \u00e9s nagyobb id\u0151ciklusok, akik tudj\u00e1k, \u00e9rtik, k\u00f6vetik ezeket, azok belel\u00e1tnak a j\u00f6v\u0151be. Olvasni tudnak a sorok k\u00f6z\u00f6tt, tudj\u00e1k mire k\u00e9sz\u00fcljenek \u00e9s \u0151k k\u00e9sz\u00fclnek. Mert meg\u00e9rtett\u00e9k a l\u00e9nyeget, hogy egyszer mindennek v\u00e9ge!\u00a0<b>ELM\u00daLIK<\/b>, ez a var\u00e1zssz\u00f3 minden helyzetre. J\u00f3ra \u00e9s rosszra egyar\u00e1nt. Semmi nem marad ugyan\u00fagy. Minden v\u00e1ltozik! Folyamatosan \u00e9s visszatarthatatlanul.\r\n<div><\/div>\r\n<\/div>\r\n<div><\/div>\r\n<div>\u00cdgy m\u00falt el a Halak korszaka \u00e9s bel\u00e9pt\u00fcnk a\u00a0<b>V\u00edz\u00f6nt\u0151be.<\/b>\u00a0Megv\u00e1ltozott val\u00f3s\u00e1gunk \u00e9s v\u00e1ltozik pillanatr\u00f3l-pillanatra, ha akarjuk, ha nem. A Halak korszakban el\u00e9g volt megtanulni szeretn\u00fcnk egym\u00e1st, ahogy J\u00e9zus is tette az emberis\u00e9ggel. \u00cdgy volt sok-sok tan\u00edt\u00e1s, ami arr\u00f3l sz\u00f3lt, hogy szeresd \u00f6nmagad \u00e9s a t\u00f6bbieket, ter\u00e1pi\u00e1s m\u00f3dszerek sz\u00fclettek, melyek erre tan\u00edtott\u00e1k meg az embereket. Nagy hangs\u00faly ker\u00fclt a benn\u00fcnk rejl\u0151 gyermekre, n\u0151re, minden olyan szerepre amiben szeretn\u00fcnk kell, szeretn\u00fcnk lehet. Ebben a korszakban az \u00e9rzelmi s\u00edkon folytak a munk\u00e1latok, a legnagyobb esem\u00e9nyek. A legfontosabb\u00e1 az emberi kapcsolatok v\u00e1ltak, ezek k\u00f6r\u00fcl forgott minden. Seg\u00edtett\u00fcnk egym\u00e1snak, hogy meghaladjuk \u00f6nmagunkat, megbocs\u00e1ssunk \u00e9s \u00fajra szeress\u00fcnk\u2026<\/div>\r\n<div><\/div>\r\n<div>S azok akik ezt megtett\u00e9k az elm\u00falt \u00e9vekben ma m\u00e9g is ott \u00e1llnak egy helyben, \u00e9s \u00e9rzik kev\u00e9s ez\u2026nem \u00e9rtik a helyzetet, hiszen mindenki azt mondta el\u00e9g SZERETNI.<\/div>\r\n<div><\/div>\r\n<div>Eddig el\u00e9g volt, de mostant\u00f3l m\u00e1sk\u00e9nt m\u0171k\u00f6dik a vil\u00e1g, megv\u00e1ltozott minden. A v\u00e1ltoz\u00e1s kik\u00f6veteli t\u0151l\u00fcnk, hogy mi is v\u00e1ltozzunk \u00e9s feljebb l\u00e9pj\u00fcnk a tudatoss\u00e1gban.\u00a0<b>A V\u00edz\u00f6nt\u0151 kor ember\u00e9nek tanulnia, fejl\u0151dnie, meg\u00e9rtenie kell.<\/b>\u00a0\u00daj dolgokat, \u00faj min\u0151s\u00e9g\u0171 \u00e9letet kell megteremteni \u00e9s ehhez bizony a tudatnak az elm\u00e9nek fejl\u0151dnie, tanulnia kell. A mai vil\u00e1gban m\u00e1r sz\u00fcks\u00e9ges a TUD\u00c1S egy magasabb szintje,ahol meg\u00e9rtheted \u00e9s megtanulhatod a T\u00f6rv\u00e9nyszer\u0171s\u00e9geket \u00e9s a Rendet. Ezen a tud\u00e1son kereszt\u00fcl lehetsz k\u00e9pes felkapaszkodni az \u00faj dimenzi\u00f3ba, ahol m\u00e1sk\u00e9nt m\u0171k\u00f6dik minden.<\/div>\r\n<div><\/div>\r\n<div>N\u00e9zz k\u00f6r\u00fcl, mennyi minden v\u00e1ltozott\u2026milyen technikai fejl\u0151d\u00e9s van! Nem tudjuk k\u00f6vetni, nem \u00e9rtj\u00fck, tudattalanul haszn\u00e1ljuk telefonjainkat, sz\u00e1m\u00edt\u00f3g\u00e9peinket. Nem \u00e9rtj\u00fck a gyerekeinket \u00e9s \u0151k nem \u00e9rtenek minket. Sok a lehet\u0151s\u00e9g \u00e9s m\u00e9gis teng\u0151dnek emberek\u2026<\/div>\r\n<div><\/div>\r\n<div><b>V\u00e1ltoznod \u00e9s v\u00e1ltoztatnod kell!\u00a0<\/b><\/div>\r\n<div>Kezdj el keresni, tanulni, olyan \u00f6sszef\u00fcgg\u00e9seket, melyek magyar\u00e1zatot adnak az \u00faj helyzetre.\u00a0<b>Keresd a T\u00f6rv\u00e9nyszer\u0171s\u00e9geket, az \u00f6sszef\u00fcgg\u00e9seket, akard meg\u00e9rteni a helyzetet. Olyan t\u00f6rv\u00e9nyszer\u0171s\u00e9geket keress, melyek id\u0151tlenek, azaz \u00e9vezredek \u00f3ta meg\u00e1llj\u00e1k hely\u00fcket!\u00a0<\/b>Ilyenek a\u00a0<b>Term\u00e9szeti \u00e9s Spiritu\u00e1lis t\u00f6rv\u00e9nyszer\u0171s\u00e9gek.\u00a0<\/b>Amikor ezen a szinten \u00e9rtelmezed a vil\u00e1got, minden ami el\u0151tte volt, elfogadhat\u00f3v\u00e1 v\u00e1lik, meg\u00e9rtheted. Meg\u00e9rted \u00e9s ezen kereszt\u00fcl elfogadod, elengeded, \u00edgy nem lesz m\u00e1r visszatart\u00f3 hat\u00e1ssal \u00e9letedre.\r\n<div><\/div>\r\n<\/div>\r\n<div><\/div>\r\n<div><b>\u00daj megold\u00e1sokat keress, ne fogadd el a r\u00e9gieket.<\/b>\u00a0Ne \u00e9rd be azzal, hogy valaki m\u00e1s megmondja, hogy mit kell tenned, megj\u00f3solja j\u00f6v\u0151det! Ne analiz\u00e1ltasd a m\u00faltban t\u00f6rt\u00e9nteket, v\u00e1rva, hogy egyszer csak kiszabadulsz saj\u00e1t \u00e9rzelmeid rabs\u00e1g\u00e1b\u00f3l. Soha ne felejtsd el, hogy minden k\u00f6nyvet, tan\u00edt\u00e1st ember \u00edrt meg \u00e9s nem l\u00e1thatod, hogy \u0151 hol tart, milyen a tudatoss\u00e1gi szintje. Aki b\u00f6lccs\u00e9 akar v\u00e1lni, az nem fogadja el m\u00e1s igazs\u00e1g\u00e1t, hanem az id\u0151t \u00e1ll\u00f3 tan\u00edt\u00e1sokat keresi, olyanokat, melyek minden korban jelen voltak \u00e9s meg\u00e1llt\u00e1k hely\u00fcket.<\/div>\r\n<div><b>\u00a0<\/b><\/div>\r\n<div><b>Olyan seg\u00edt\u0151ket keress, akik arra tan\u00edtanak, hogy l\u00e1ss mindent egy szintr\u0151l feljebb<\/b>\u2026akik seg\u00edtik, hogy megl\u00e1sd \u00f6nmagadat egy m\u00e1sik szinten. Minden tudatoss\u00e1gi szinthez m\u00e1s gondolkod\u00e1s, \u00e9rzelmi meg\u00e9l\u00e9s \u00e9s cselekv\u00e9si szint tartozik. ha megv\u00e1ltoztatod meggy\u0151z\u0151d\u00e9seidet, dolgozol korl\u00e1toz\u00f3 hiedelmeiden, \u00faj val\u00f3s\u00e1got teremthetsz! Vannak akik seg\u00edtik \u00e9s t\u00e1mogatj\u00e1k bels\u0151 fejl\u0151d\u00e9sedet, de elmondj\u00e1k, hogy az utat mindig neked kell megtenned. Az \u00fathoz \u00f6nfegyelem \u00e9s kitart\u00e1s sz\u00fcks\u00e9ges, en\u00e9lk\u00fcl nem megy. Olyat keress, aki megtan\u00edt az alkot\u00e1s \u00f6r\u00f6m\u00e9re, aki kiteljes\u00edteni akar, l\u00e1tni akarja ahogy szabadon sz\u00e1rnyalsz.\u00a0<b>Ne felejtsd el, hogy az igazi Mester, Mestereket bocs\u00e1t sz\u00e1rnyra<\/b>, nem ter\u00e1pi\u00e1s helyzetet tart fenn.<\/div>\r\n<div><\/div>\r\n<div>S ha most azt gondolod, hogy nem adod fel a j\u00f3l fel\u00e9p\u00edtett \u00e9letedet, emberi kapcsolataidat mindez\u00e9rt, akkor tudd, hogy azzal, hogy feljebb l\u00e9psz, nem vesz\u00edtesz el semmit.\u00a0<b>Minden feljebb l\u00e9v\u0151 szint mag\u00e1ba foglalja ugyanis az alatta l\u00e9v\u0151 szintek \u00f6sszess\u00e9g\u00e9t.\u00a0<\/b>\u00cdgy nem sz\u00fcks\u00e9ges v\u00e1ltoztatnod emberi kapcsolataidon, nem kell elengedned \u0151ket, mind\u00f6ssze egy \u00faj szintre kell emelned. Olyan kapcsolatokat \u00e9rdemes \u00e9p\u00edteni, melyek emelik a benne l\u00e9v\u0151ket. Ahol megtanulhatunk egym\u00e1st\u00f3l \u00fajabb dolgokat, kiteljesedhet\u00fcnk, t\u00f6bb\u00e9 v\u00e1lhatunk, egy\u00fctt alkothatunk.<\/div>\r\n<div><\/div>\r\n<div>Ha \u00fagy \u00e9rzed, hogy nem b\u00edrod tov\u00e1bb ott ahol most vagy, akkor l\u00e9pj egy szinttel feljebb!<\/div>\r\n<div><\/div>\r\n<div>Ha \u00fagy d\u00f6ntesz, hogy ott maradsz a r\u00e9gi vil\u00e1gban, \u00e9n elfogadom azt, ha az \u00faj vil\u00e1got v\u00e1lasztod, szeretettel v\u00e1runk programjainkon \u00e9s k\u00e9pz\u00e9seinken: Andi &amp; Aletta<\/div>\r\n<\/div>\r\nForr\u00e1s: <a href=\"http:\/\/talentumok.com\/\" target=\"_blank\">Talentumok.com<\/a>","type":"rich","thumbnail_url":"https:\/\/talentum.cafeblog.hu\/files\/2014\/11\/valami-megv\u00e1ltozott-150x150.jpg","thumbnail_width":150,"thumbnail_height":150}