{"version":"1.0","provider_name":"","provider_url":"https:\/\/talentum.cafeblog.hu","author_name":"Talentumok Vil\u00e1ga","author_url":"https:\/\/talentum.cafeblog.hu\/author\/talentumok_vilaga\/","title":"L\u00e9lekt\u0151l - l\u00e9lekig","html":"Amikor a L\u00e9lekkel val\u00f3 munk\u00e1r\u00f3l besz\u00e9lek, akkor egy k\u00e9p jelenik meg el\u0151ttem: a perif\u00e9ri\u00e1r\u00f3l kiindulva t\u00f6bb pontb\u00f3l, csillag alakban k\u00f6zel\u00edtek a k\u00f6z\u00e9ppont, a mag fel\u00e9. Min\u00e9l ink\u00e1bb megk\u00f6zel\u00edtem ezt a k\u00f6z\u00e9ppontot, mert el\u00e9rni sosem fogom, ann\u00e1l ink\u00e1bb r\u00e1k\u00e9nyszer\u00fcl\u00f6k, hogy szimb\u00f3lumokban gondolkozzak, fogalmazzak.\u00a0<strong>A L\u00e9lek k\u00f6z\u00e9ppontj\u00e1r\u00f3l nem lehet egyszer\u0171en besz\u00e9lni: ott csak L\u00c9TEZNI lehet, \u00e9s aki besz\u00e9l r\u00f3la, aki nev\u00e9n nevezi, az nem ismeri!<\/strong>\r\n\r\nA L\u00e9lek nem \u00edrhat\u00f3 le \u00e9s k\u00f6zel\u00edthet\u0151 meg mindennapi szokv\u00e1nyos szavainkkal, mondatainkkal, bet\u0171kkel \u00e9s sz\u00e1mokkal.\u00a0<strong>A L\u00e9lek kifejezhet\u0151 sz\u00ednekkel, form\u00e1kkal, hangokkal, szimb\u00f3lumokkal \u00e9s mik\u00f6zben l\u00e1tjuk, halljuk ezeket valami benn\u00fcnk m\u00e9lyen ezzel rezon\u00e1lni kezd.<\/strong>\u00a0Na, valahol itt kezd\u0151dik a L\u00e9lek nyelve. A m\u00e9ly \u00e9rz\u00e9sek sz\u00edntere. A fel nem foghat\u00f3, a meg nem foghat\u00f3, a klasszikus \u00e9rtelemben ki nem fejezhet\u0151. Ez a L\u00e9lek. Valami m\u00e1s, valami \u00faj, valami nem ismert. Olyan, ami nincs, m\u00e9gis van! Olyan, mintha nem lenne, de m\u00e9gis meghat\u00e1roz mindent! Mindent, az eg\u00e9sz L\u00e9t\u00fcnket \u00e9s \u00e9let\u00fcnket. A gondolkod\u00e1sunkat \u00e9s nem utols\u00f3 soron a viselked\u00e9s\u00fcnket. Mindent \u00e1that, mindenhol ott van. M\u00e9gis sokak sz\u00e1m\u00e1ra teljesen ismeretlen. Egy k\u00fcl\u00f6nleges energia, mely k\u00f6rbe \u00f6lel mindent. Ott van minden l\u00e9tez\u0151ben, \u00e9s amikor tal\u00e1lkozunk, felismerj\u00fck egym\u00e1sban. Ez az, amiben egyform\u00e1k vagyunk: mindenkiben ott van.\u00a0<strong>Ez az a pillanat, amikor megl\u00e1tjuk a m\u00e1sikban a Lelk\u00e9t, az a var\u00e1zslatos pillanat, amikor nem csak n\u00e9zz\u00fck, hanem L\u00c1TJUK is egym\u00e1st. Ez az a pillanat, ami\u00e9rt \u00e9rdemes tal\u00e1lkozni, felismerni, megismerni, ami\u00e9rt egy\u00e1ltal\u00e1n \u00e9rdemes \u00e9lni.<\/strong>\r\n\r\n<strong>Tal\u00e1lkozzunk \u00e9s ismerj\u00fck fel egym\u00e1st!<\/strong>\r\n\r\nForr\u00e1s: <a href=\"http:\/\/wp.me\/P50eD9-4p\" target=\"_blank\">Talentumok - L\u00e9lek\u00e9bred\u00e9s.com<\/a>","type":"rich","thumbnail_url":"https:\/\/talentum.cafeblog.hu\/files\/2014\/11\/l\u00e9lekt\u0151l-l\u00e9lekig-150x150.jpg","thumbnail_width":150,"thumbnail_height":150}